{"id":987511930,"date":"2025-11-04T15:03:05","date_gmt":"2025-11-04T15:03:05","guid":{"rendered":"https:\/\/medeo-formation.fr\/?page_id=987511930"},"modified":"2026-04-16T10:30:39","modified_gmt":"2026-04-16T10:30:39","slug":"dpc-fif-pl-perpignan","status":"publish","type":"page","link":"https:\/\/medeo-formation.fr\/","title":{"rendered":"DPC FIF PL PERPIGNAN"},"content":{"rendered":"<p>[et_pb_section fb_built=\u00a0\u00bb1&Prime; admin_label=\u00a0\u00bbPopular Courses\u00a0\u00bb _builder_version=\u00a0\u00bb4.27.5&Prime; _module_preset=\u00a0\u00bbdefault\u00a0\u00bb background_enable_image=\u00a0\u00bboff\u00a0\u00bb collapsed=\u00a0\u00bbon\u00a0\u00bb global_colors_info=\u00a0\u00bb{}\u00a0\u00bb][et_pb_row _builder_version=\u00a0\u00bb4.27.4&Prime; _module_preset=\u00a0\u00bbdefault\u00a0\u00bb background_color=\u00a0\u00bbgcid-primary-color\u00a0\u00bb max_width=\u00a0\u00bb1280px\u00a0\u00bb border_radii=\u00a0\u00bbon|15px|15px|15px|15px\u00a0\u00bb global_colors_info=\u00a0\u00bb{%22gcid-primary-color%22:%91%22background_color%22%93}\u00a0\u00bb][et_pb_column type=\u00a0\u00bb4_4&Prime; _builder_version=\u00a0\u00bb4.22.0&Prime; _module_preset=\u00a0\u00bbdefault\u00a0\u00bb global_colors_info=\u00a0\u00bb{}\u00a0\u00bb][et_pb_text _builder_version=\u00a0\u00bb4.27.4&Prime; _module_preset=\u00a0\u00bb6066b15d-d2e5-4444-8c83-8424e9779808&Prime; header_2_text_align=\u00a0\u00bbcenter\u00a0\u00bb header_2_text_color=\u00a0\u00bb#FFFFFF\u00a0\u00bb header_2_font_size_tablet=\u00a0\u00bb\u00a0\u00bb header_2_font_size_phone=\u00a0\u00bb26px\u00a0\u00bb header_2_font_size_last_edited=\u00a0\u00bbon|phone\u00a0\u00bb global_colors_info=\u00a0\u00bb{}\u00a0\u00bb]<\/p>\n<h2>Trouvez le domaine qui vous correspond \ud83c\udf93<\/h2>\n<p>[\/et_pb_text][\/et_pb_column][\/et_pb_row][et_pb_row column_structure=\u00a0\u00bb1_3,1_3,1_3&Prime; use_custom_gutter=\u00a0\u00bbon\u00a0\u00bb gutter_width=\u00a0\u00bb2&Prime; _builder_version=\u00a0\u00bb4.27.4&Prime; _module_preset=\u00a0\u00bbdefault\u00a0\u00bb width=\u00a0\u00bb100%\u00a0\u00bb max_width=\u00a0\u00bb1280px\u00a0\u00bb locked=\u00a0\u00bboff\u00a0\u00bb global_colors_info=\u00a0\u00bb{}\u00a0\u00bb][et_pb_column type=\u00a0\u00bb1_3&Prime; _builder_version=\u00a0\u00bb4.22.0&Prime; _module_preset=\u00a0\u00bbdefault\u00a0\u00bb background_color=\u00a0\u00bb#FFFFFF\u00a0\u00bb custom_padding=\u00a0\u00bb|30px|30px|30px|false|true\u00a0\u00bb border_radii=\u00a0\u00bbon|10px|10px|10px|10px\u00a0\u00bb box_shadow_style=\u00a0\u00bbpreset4&Prime; box_shadow_horizontal=\u00a0\u00bb0px\u00a0\u00bb box_shadow_vertical=\u00a0\u00bb60px\u00a0\u00bb box_shadow_blur=\u00a0\u00bb90px\u00a0\u00bb box_shadow_color=\u00a0\u00bbrgba(0,0,0,0.08)\u00a0\u00bb global_colors_info=\u00a0\u00bb{}\u00a0\u00bb][et_pb_image src=\u00a0\u00bbhttps:\/\/medeo-formation.fr\/wp-content\/uploads\/2025\/09\/Plaie.jpg\u00a0\u00bb title_text=\u00a0\u00bbPlaie\u00a0\u00bb _builder_version=\u00a0\u00bb4.27.4&Prime; _module_preset=\u00a0\u00bbdefault\u00a0\u00bb custom_margin=\u00a0\u00bb|-30px||-30px|false|true\u00a0\u00bb global_colors_info=\u00a0\u00bb{%22gcid-ea6a34b7-3964-4bb3-9ab0-b3684573f27e%22:%91%22background_color%22%93}\u00a0\u00bb][\/et_pb_image][et_pb_text _builder_version=\u00a0\u00bb4.27.4&Prime; _module_preset=\u00a0\u00bb1c61e0b6-9c3c-4721-8fac-b4ed0fcf453b\u00a0\u00bb custom_margin=\u00a0\u00bb||0px||false|false\u00a0\u00bb header_4_font_size_tablet=\u00a0\u00bb\u00a0\u00bb header_4_font_size_phone=\u00a0\u00bb17px\u00a0\u00bb header_4_font_size_last_edited=\u00a0\u00bbon|phone\u00a0\u00bb global_colors_info=\u00a0\u00bb{}\u00a0\u00bb]<\/p>\n<h4>DPC FIF-PL \ud83d\udc69\u200d\u2695\ufe0f<\/h4>\n<p>[\/et_pb_text][et_pb_text disabled_on=\u00a0\u00bboff|off|off\u00a0\u00bb _builder_version=\u00a0\u00bb4.27.4&Prime; _module_preset=\u00a0\u00bb04a65ba2-7442-4550-9a4a-67bf663c6490&Prime; custom_margin=\u00a0\u00bb||0px||false|false\u00a0\u00bb global_colors_info=\u00a0\u00bb{}\u00a0\u00bb]<\/p>\n<p>Nos formations adapt\u00e9es \u00e0 votre pratique de professionnel de sant\u00e9<\/p>\n<p>[\/et_pb_text][et_pb_button button_url=\u00a0\u00bbhttps:\/\/medeoformation.fr\/index.php\/dpc-fif-pl\/\u00a0\u00bb button_text=\u00a0\u00bbD\u00e9couvrir\u00a0\u00bb _builder_version=\u00a0\u00bb4.27.4&Prime; _module_preset=\u00a0\u00bb0d14435f-cf06-4de5-85c8-b5acdfc2cf79&Prime; global_colors_info=\u00a0\u00bb{}\u00a0\u00bb][\/et_pb_button][\/et_pb_column][et_pb_column type=\u00a0\u00bb1_3&Prime; _builder_version=\u00a0\u00bb4.22.0&Prime; _module_preset=\u00a0\u00bbdefault\u00a0\u00bb background_color=\u00a0\u00bb#FFFFFF\u00a0\u00bb custom_padding=\u00a0\u00bb|30px|30px|30px|false|true\u00a0\u00bb border_radii=\u00a0\u00bbon|10px|10px|10px|10px\u00a0\u00bb box_shadow_style=\u00a0\u00bbpreset4&Prime; box_shadow_horizontal=\u00a0\u00bb0px\u00a0\u00bb box_shadow_vertical=\u00a0\u00bb60px\u00a0\u00bb box_shadow_blur=\u00a0\u00bb90px\u00a0\u00bb box_shadow_color=\u00a0\u00bbrgba(0,0,0,0.08)\u00a0\u00bb global_colors_info=\u00a0\u00bb{}\u00a0\u00bb][et_pb_image src=\u00a0\u00bbhttps:\/\/medeo-formation.fr\/wp-content\/uploads\/2025\/09\/ESSMS.jpg\u00a0\u00bb title_text=\u00a0\u00bbESSMS\u00a0\u00bb _builder_version=\u00a0\u00bb4.27.4&Prime; _module_preset=\u00a0\u00bbdefault\u00a0\u00bb custom_margin=\u00a0\u00bb|-30px||-30px|false|true\u00a0\u00bb locked=\u00a0\u00bboff\u00a0\u00bb global_colors_info=\u00a0\u00bb{%22gcid-ea6a34b7-3964-4bb3-9ab0-b3684573f27e%22:%91%22background_color%22%93}\u00a0\u00bb][\/et_pb_image][et_pb_text _builder_version=\u00a0\u00bb4.27.4&Prime; _module_preset=\u00a0\u00bb1c61e0b6-9c3c-4721-8fac-b4ed0fcf453b\u00a0\u00bb custom_margin=\u00a0\u00bb||0px||false|false\u00a0\u00bb header_4_font_size_tablet=\u00a0\u00bb\u00a0\u00bb header_4_font_size_phone=\u00a0\u00bb17px\u00a0\u00bb header_4_font_size_last_edited=\u00a0\u00bbon|phone\u00a0\u00bb global_colors_info=\u00a0\u00bb{}\u00a0\u00bb]<\/p>\n<h4>ESSMS \ud83c\udfe5<\/h4>\n<p>[\/et_pb_text][et_pb_text _builder_version=\u00a0\u00bb4.27.4&Prime; _module_preset=\u00a0\u00bb04a65ba2-7442-4550-9a4a-67bf663c6490&Prime; custom_margin=\u00a0\u00bb||0px||false|false\u00a0\u00bb global_colors_info=\u00a0\u00bb{}\u00a0\u00bb]Des formations inter &#038; intra sur-mesure pour les professionnels du sanitaire et m\u00e9dico-social.[\/et_pb_text][et_pb_button button_url=\u00a0\u00bbhttps:\/\/formation-essms.fr\/\u00a0\u00bb button_text=\u00a0\u00bbD\u00e9couvrir\u00a0\u00bb _builder_version=\u00a0\u00bb4.27.4&Prime; _module_preset=\u00a0\u00bb0d14435f-cf06-4de5-85c8-b5acdfc2cf79&Prime; global_colors_info=\u00a0\u00bb{}\u00a0\u00bb][\/et_pb_button][\/et_pb_column][et_pb_column type=\u00a0\u00bb1_3&Prime; _builder_version=\u00a0\u00bb4.22.0&Prime; _module_preset=\u00a0\u00bbdefault\u00a0\u00bb background_color=\u00a0\u00bb#FFFFFF\u00a0\u00bb custom_padding=\u00a0\u00bb|30px|30px|30px|false|true\u00a0\u00bb border_radii=\u00a0\u00bbon|10px|10px|10px|10px\u00a0\u00bb box_shadow_style=\u00a0\u00bbpreset4&Prime; box_shadow_horizontal=\u00a0\u00bb0px\u00a0\u00bb box_shadow_vertical=\u00a0\u00bb60px\u00a0\u00bb box_shadow_blur=\u00a0\u00bb90px\u00a0\u00bb box_shadow_color=\u00a0\u00bbrgba(0,0,0,0.08)\u00a0\u00bb global_colors_info=\u00a0\u00bb{}\u00a0\u00bb][et_pb_image src=\u00a0\u00bbhttps:\/\/medeo-formation.fr\/wp-content\/uploads\/2025\/09\/VAE.jpg\u00a0\u00bb title_text=\u00a0\u00bbVAE\u00a0\u00bb _builder_version=\u00a0\u00bb4.27.4&Prime; _module_preset=\u00a0\u00bbdefault\u00a0\u00bb custom_margin=\u00a0\u00bb|-30px||-30px|false|true\u00a0\u00bb locked=\u00a0\u00bboff\u00a0\u00bb global_colors_info=\u00a0\u00bb{%22gcid-ea6a34b7-3964-4bb3-9ab0-b3684573f27e%22:%91%22background_color%22%93}\u00a0\u00bb][\/et_pb_image][et_pb_text _builder_version=\u00a0\u00bb4.27.4&Prime; _module_preset=\u00a0\u00bb1c61e0b6-9c3c-4721-8fac-b4ed0fcf453b\u00a0\u00bb custom_margin=\u00a0\u00bb||0px||false|false\u00a0\u00bb header_4_font_size_tablet=\u00a0\u00bb\u00a0\u00bb header_4_font_size_phone=\u00a0\u00bb17px\u00a0\u00bb header_4_font_size_last_edited=\u00a0\u00bbon|phone\u00a0\u00bb global_colors_info=\u00a0\u00bb{}\u00a0\u00bb]<\/p>\n<h4>VAE \ud83e\uddfe<\/h4>\n<p>[\/et_pb_text][et_pb_text _builder_version=\u00a0\u00bb4.27.4&Prime; _module_preset=\u00a0\u00bb04a65ba2-7442-4550-9a4a-67bf663c6490&Prime; custom_margin=\u00a0\u00bb||0px||false|false\u00a0\u00bb global_colors_info=\u00a0\u00bb{}\u00a0\u00bb]Un accompagnement complet et personnalis\u00e9 vers la valorisation de votre exp\u00e9rience.[\/et_pb_text][et_pb_button button_url=\u00a0\u00bbhttps:\/\/vae-perpignan.fr\/\u00a0\u00bb button_text=\u00a0\u00bbD\u00e9couvrir\u00a0\u00bb _builder_version=\u00a0\u00bb4.27.4&Prime; _module_preset=\u00a0\u00bb0d14435f-cf06-4de5-85c8-b5acdfc2cf79&Prime; global_colors_info=\u00a0\u00bb{}\u00a0\u00bb][\/et_pb_button][\/et_pb_column][\/et_pb_row][et_pb_row column_structure=\u00a0\u00bb1_2,1_2&Prime; use_custom_gutter=\u00a0\u00bbon\u00a0\u00bb gutter_width=\u00a0\u00bb2&Prime; _builder_version=\u00a0\u00bb4.27.5&Prime; _module_preset=\u00a0\u00bbdefault\u00a0\u00bb width=\u00a0\u00bb100%\u00a0\u00bb max_width=\u00a0\u00bb1280px\u00a0\u00bb locked=\u00a0\u00bboff\u00a0\u00bb global_colors_info=\u00a0\u00bb{}\u00a0\u00bb][et_pb_column type=\u00a0\u00bb1_2&Prime; _builder_version=\u00a0\u00bb4.22.0&Prime; _module_preset=\u00a0\u00bbdefault\u00a0\u00bb background_color=\u00a0\u00bb#FFFFFF\u00a0\u00bb custom_padding=\u00a0\u00bb|30px|30px|30px|false|true\u00a0\u00bb border_radii=\u00a0\u00bbon|10px|10px|10px|10px\u00a0\u00bb box_shadow_style=\u00a0\u00bbpreset4&Prime; box_shadow_horizontal=\u00a0\u00bb0px\u00a0\u00bb box_shadow_vertical=\u00a0\u00bb60px\u00a0\u00bb box_shadow_blur=\u00a0\u00bb90px\u00a0\u00bb box_shadow_color=\u00a0\u00bbrgba(0,0,0,0.08)\u00a0\u00bb global_colors_info=\u00a0\u00bb{}\u00a0\u00bb][et_pb_image src=\u00a0\u00bbhttps:\/\/medeo-formation.fr\/wp-content\/uploads\/2025\/09\/CFA.jpg\u00a0\u00bb title_text=\u00a0\u00bbCFA\u00a0\u00bb _builder_version=\u00a0\u00bb4.27.4&Prime; _module_preset=\u00a0\u00bbdefault\u00a0\u00bb custom_margin=\u00a0\u00bb|-30px||-30px|false|true\u00a0\u00bb locked=\u00a0\u00bboff\u00a0\u00bb global_colors_info=\u00a0\u00bb{%22gcid-ea6a34b7-3964-4bb3-9ab0-b3684573f27e%22:%91%22background_color%22%93}\u00a0\u00bb][\/et_pb_image][et_pb_text _builder_version=\u00a0\u00bb4.27.5&Prime; _module_preset=\u00a0\u00bb1c61e0b6-9c3c-4721-8fac-b4ed0fcf453b\u00a0\u00bb custom_margin=\u00a0\u00bb||0px||false|false\u00a0\u00bb header_4_font_size_tablet=\u00a0\u00bb\u00a0\u00bb header_4_font_size_phone=\u00a0\u00bb17px\u00a0\u00bb header_4_font_size_last_edited=\u00a0\u00bbon|phone\u00a0\u00bb global_colors_info=\u00a0\u00bb{}\u00a0\u00bb]<\/p>\n<h4>ALTERNANCE \ud83c\udfeb<\/h4>\n<p>[\/et_pb_text][et_pb_text _builder_version=\u00a0\u00bb4.27.4&Prime; _module_preset=\u00a0\u00bb04a65ba2-7442-4550-9a4a-67bf663c6490&Prime; custom_margin=\u00a0\u00bb||0px||false|false\u00a0\u00bb global_colors_info=\u00a0\u00bb{}\u00a0\u00bb]Acqu\u00e9rir des comp\u00e9tences op\u00e9rationnelles dans le secteur du m\u00e9dico-social \u00e0 Perpignan.[\/et_pb_text][et_pb_button button_url=\u00a0\u00bbhttps:\/\/cfa-sanitaire-et-social.com\/\u00a0\u00bb button_text=\u00a0\u00bbD\u00e9couvrir\u00a0\u00bb _builder_version=\u00a0\u00bb4.27.4&Prime; _module_preset=\u00a0\u00bb0d14435f-cf06-4de5-85c8-b5acdfc2cf79&Prime; global_colors_info=\u00a0\u00bb{}\u00a0\u00bb][\/et_pb_button][\/et_pb_column][et_pb_column type=\u00a0\u00bb1_2&Prime; _builder_version=\u00a0\u00bb4.22.0&Prime; _module_preset=\u00a0\u00bbdefault\u00a0\u00bb background_color=\u00a0\u00bb#FFFFFF\u00a0\u00bb custom_padding=\u00a0\u00bb|30px|30px|30px|false|true\u00a0\u00bb border_radii=\u00a0\u00bbon|10px|10px|10px|10px\u00a0\u00bb box_shadow_style=\u00a0\u00bbpreset4&Prime; box_shadow_horizontal=\u00a0\u00bb0px\u00a0\u00bb box_shadow_vertical=\u00a0\u00bb60px\u00a0\u00bb box_shadow_blur=\u00a0\u00bb90px\u00a0\u00bb box_shadow_color=\u00a0\u00bbrgba(0,0,0,0.08)\u00a0\u00bb global_colors_info=\u00a0\u00bb{}\u00a0\u00bb][et_pb_image src=\u00a0\u00bbhttps:\/\/medeo-formation.fr\/wp-content\/uploads\/2025\/09\/Plaie-1.jpg\u00a0\u00bb title_text=\u00a0\u00bbPlaie (1)\u00a0\u00bb _builder_version=\u00a0\u00bb4.27.4&Prime; _module_preset=\u00a0\u00bbdefault\u00a0\u00bb custom_margin=\u00a0\u00bb|-30px||-30px|false|true\u00a0\u00bb locked=\u00a0\u00bboff\u00a0\u00bb global_colors_info=\u00a0\u00bb{%22gcid-ea6a34b7-3964-4bb3-9ab0-b3684573f27e%22:%91%22background_color%22%93}\u00a0\u00bb][\/et_pb_image][et_pb_text _builder_version=\u00a0\u00bb4.27.4&Prime; _module_preset=\u00a0\u00bb1c61e0b6-9c3c-4721-8fac-b4ed0fcf453b\u00a0\u00bb custom_margin=\u00a0\u00bb||0px||false|false\u00a0\u00bb header_4_font_size_tablet=\u00a0\u00bb\u00a0\u00bb header_4_font_size_phone=\u00a0\u00bb17px\u00a0\u00bb header_4_font_size_last_edited=\u00a0\u00bbon|phone\u00a0\u00bb global_colors_info=\u00a0\u00bb{}\u00a0\u00bb]<\/p>\n<h4>BILAN DE COMPETENCES \ud83d\udcca<\/h4>\n<p>[\/et_pb_text][et_pb_text _builder_version=\u00a0\u00bb4.27.4&Prime; _module_preset=\u00a0\u00bb04a65ba2-7442-4550-9a4a-67bf663c6490&Prime; custom_margin=\u00a0\u00bb||0px||false|false\u00a0\u00bb global_colors_info=\u00a0\u00bb{}\u00a0\u00bb]Vous souhaitez changer de voie, \u00e9voluer ou simplement faire le point ?[\/et_pb_text][et_pb_button button_url=\u00a0\u00bb@ET-DC@eyJkeW5hbWljIjp0cnVlLCJjb250ZW50IjoicG9zdF9saW5rX3VybF9wYWdlIiwic2V0dGluZ3MiOnsicG9zdF9pZCI6Ijk4NzUxMTUwMCJ9fQ==@\u00a0\u00bb button_text=\u00a0\u00bbD\u00e9couvrir\u00a0\u00bb _builder_version=\u00a0\u00bb4.27.4&Prime; _dynamic_attributes=\u00a0\u00bbbutton_url\u00a0\u00bb _module_preset=\u00a0\u00bb0d14435f-cf06-4de5-85c8-b5acdfc2cf79&Prime; global_colors_info=\u00a0\u00bb{}\u00a0\u00bb][\/et_pb_button][\/et_pb_column][\/et_pb_row][\/et_pb_section][et_pb_section fb_built=\u00a0\u00bb1&Prime; _builder_version=\u00a0\u00bb4.27.4&Prime; _module_preset=\u00a0\u00bbdefault\u00a0\u00bb background_color=\u00a0\u00bbgcid-cbfc2021-0a32-4a06-8584-fb5c84a8ccf8&Prime; bottom_divider_style=\u00a0\u00bbslant\u00a0\u00bb bottom_divider_color=\u00a0\u00bb#FFFFFF\u00a0\u00bb bottom_divider_height=\u00a0\u00bb63px\u00a0\u00bb global_colors_info=\u00a0\u00bb{%22gcid-cbfc2021-0a32-4a06-8584-fb5c84a8ccf8%22:%91%22background_color%22%93}\u00a0\u00bb][et_pb_row _builder_version=\u00a0\u00bb4.27.4&Prime; _module_preset=\u00a0\u00bbdefault\u00a0\u00bb global_colors_info=\u00a0\u00bb{}\u00a0\u00bb][et_pb_column type=\u00a0\u00bb4_4&Prime; _builder_version=\u00a0\u00bb4.27.4&Prime; _module_preset=\u00a0\u00bbdefault\u00a0\u00bb global_colors_info=\u00a0\u00bb{}\u00a0\u00bb][et_pb_video src=\u00a0\u00bbhttps:\/\/medeoformation.fr\/wp-content\/uploads\/2025\/06\/Design-sans-titre-4.mp4&Prime; image_src=\u00a0\u00bb\/\/i.vimeocdn.com\/video\/2028261082-a0ffbf10605ba6283b00c5b592fd28631c6a7f5789acb0631aca0154a830e850-d_960?region=us\u00a0\u00bb play_icon_color=\u00a0\u00bb#FFFFFF\u00a0\u00bb thumbnail_overlay_color=\u00a0\u00bbRGBA(255,255,255,0)\u00a0\u00bb _builder_version=\u00a0\u00bb4.27.4&Prime; _module_preset=\u00a0\u00bbdefault\u00a0\u00bb box_shadow_style=\u00a0\u00bbpreset1&Prime; global_colors_info=\u00a0\u00bb{}\u00a0\u00bb][\/et_pb_video][\/et_pb_column][\/et_pb_row][\/et_pb_section][et_pb_section fb_built=\u00a0\u00bb1&Prime; admin_label=\u00a0\u00bbFooter\u00a0\u00bb _builder_version=\u00a0\u00bb4.27.5&Prime; _module_preset=\u00a0\u00bbdefault\u00a0\u00bb background_color=\u00a0\u00bb#FFFFFF\u00a0\u00bb custom_padding=\u00a0\u00bb0px||0px||true|false\u00a0\u00bb saved_tabs=\u00a0\u00bball\u00a0\u00bb collapsed=\u00a0\u00bbon\u00a0\u00bb global_colors_info=\u00a0\u00bb{}\u00a0\u00bb][et_pb_row column_structure=\u00a0\u00bb1_2,1_2&Prime; make_equal=\u00a0\u00bbon\u00a0\u00bb _builder_version=\u00a0\u00bb4.27.4&Prime; _module_preset=\u00a0\u00bbdefault\u00a0\u00bb max_width=\u00a0\u00bb1280px\u00a0\u00bb overflow-x=\u00a0\u00bbvisible\u00a0\u00bb overflow-y=\u00a0\u00bbvisible\u00a0\u00bb custom_margin=\u00a0\u00bb||30px||false|false\u00a0\u00bb custom_padding=\u00a0\u00bb0px||0px||true|false\u00a0\u00bb border_radii=\u00a0\u00bbon|10px|10px|10px|10px\u00a0\u00bb global_colors_info=\u00a0\u00bb{}\u00a0\u00bb][et_pb_column type=\u00a0\u00bb1_2&Prime; _builder_version=\u00a0\u00bb4.27.4&Prime; _module_preset=\u00a0\u00bbdefault\u00a0\u00bb background_color=\u00a0\u00bbgcid-dd2c03a0-0ce9-48a5-adff-dccdc945179a\u00a0\u00bb custom_padding=\u00a0\u00bb60px|10px|60px|10px|true|true\u00a0\u00bb custom_padding_tablet=\u00a0\u00bb30px|30px|30px|30px|true|true\u00a0\u00bb custom_padding_phone=\u00a0\u00bb20px|20px|20px|20px|true|true\u00a0\u00bb custom_padding_last_edited=\u00a0\u00bbon|tablet\u00a0\u00bb border_radii=\u00a0\u00bbon|10px|10px|10px|10px\u00a0\u00bb border_color_all=\u00a0\u00bb#FFFFFF\u00a0\u00bb border_color_right=\u00a0\u00bb#FFFFFF\u00a0\u00bb global_colors_info=\u00a0\u00bb{%22gcid-dd2c03a0-0ce9-48a5-adff-dccdc945179a%22:%91%22background_color%22%93}\u00a0\u00bb][et_pb_text _builder_version=\u00a0\u00bb4.27.4&Prime; _module_preset=\u00a0\u00bb6066b15d-d2e5-4444-8c83-8424e9779808&Prime; header_2_text_color=\u00a0\u00bb#FFFFFF\u00a0\u00bb custom_margin=\u00a0\u00bb||10px||false|false\u00a0\u00bb global_colors_info=\u00a0\u00bb{}\u00a0\u00bb]<\/p>\n<h2>Notre catalogue<\/h2>\n<p>[\/et_pb_text][et_pb_text _builder_version=\u00a0\u00bb4.27.4&Prime; _module_preset=\u00a0\u00bbe6c58e9a-b380-46ca-98ce-fc51ced25c42&Prime; text_text_color=\u00a0\u00bb#FFFFFF\u00a0\u00bb global_colors_info=\u00a0\u00bb{}\u00a0\u00bb]<\/p>\n<p>D\u00e9couvrez nos <strong>catalogues de formations<\/strong> \ud83d\udcda complets, riches de plus de <strong>50 th\u00e9matiques<\/strong> \ud83c\udfaf vari\u00e9es. Explorez l&rsquo;\u00e9ventail de nos programmes et trouvez les dates \ud83d\uddd3\ufe0f et lieux \ud83d\udccd qui vous conviennent le mieux pour d\u00e9velopper vos comp\u00e9tences.<\/p>\n<p>[\/et_pb_text][et_pb_button button_url=\u00a0\u00bbhttps:\/\/medeo-formation.digiforma.site\/\u00a0\u00bb button_text=\u00a0\u00bbD\u00e9couvrir\u00a0\u00bb _builder_version=\u00a0\u00bb4.27.4&Prime; _module_preset=\u00a0\u00bbb392d627-860c-4435-b2b5-f849106e6bd5&Prime; button_bg_color=\u00a0\u00bbgcid-cbfc2021-0a32-4a06-8584-fb5c84a8ccf8&Prime; button_icon=\u00a0\u00bb&#xf7e6;||fa||900&Prime; global_colors_info=\u00a0\u00bb{%22gcid-cbfc2021-0a32-4a06-8584-fb5c84a8ccf8%22:%91%22button_bg_color%22%93}\u00a0\u00bb][\/et_pb_button][\/et_pb_column][et_pb_column type=\u00a0\u00bb1_2&Prime; _builder_version=\u00a0\u00bb4.27.4&Prime; _module_preset=\u00a0\u00bbdefault\u00a0\u00bb background_color=\u00a0\u00bbgcid-dd2c03a0-0ce9-48a5-adff-dccdc945179a\u00a0\u00bb custom_padding=\u00a0\u00bb60px|10px|60px|10px|true|true\u00a0\u00bb border_radii=\u00a0\u00bbon|10px|10px|10px|10px\u00a0\u00bb border_color_all=\u00a0\u00bb#FFFFFF\u00a0\u00bb border_color_right=\u00a0\u00bb#FFFFFF\u00a0\u00bb global_colors_info=\u00a0\u00bb{%22gcid-dd2c03a0-0ce9-48a5-adff-dccdc945179a%22:%91%22background_color%22%93}\u00a0\u00bb][et_pb_text _builder_version=\u00a0\u00bb4.27.4&Prime; _module_preset=\u00a0\u00bb6066b15d-d2e5-4444-8c83-8424e9779808&Prime; header_2_text_color=\u00a0\u00bb#FFFFFF\u00a0\u00bb custom_margin=\u00a0\u00bb||10px||false|false\u00a0\u00bb global_colors_info=\u00a0\u00bb{}\u00a0\u00bb]<\/p>\n<h2>Rendez-vous<\/h2>\n<p>[\/et_pb_text][et_pb_text _builder_version=\u00a0\u00bb4.27.4&Prime; _module_preset=\u00a0\u00bbe6c58e9a-b380-46ca-98ce-fc51ced25c42&Prime; text_text_color=\u00a0\u00bb#FFFFFF\u00a0\u00bb global_colors_info=\u00a0\u00bb{}\u00a0\u00bb]<\/p>\n<p>\ud83d\udcc5 Planifiez un appel avec <strong>une conseill\u00e8re<\/strong> : elle r\u00e9pondra \u00e0 toutes vos questions, <strong>vous guidera pas \u00e0 pas et vous aidera<\/strong> \u00e0 choisir la formation la plus adapt\u00e9e et les d\u00e9marches \u00e0 effectuer.<\/p>\n<p>[\/et_pb_text][et_pb_button button_url=\u00a0\u00bbhttps:\/\/calendly.com\/direction-medeo-formation\/rdv-telephonique-avec-votre-commerciale-medeo-formation\u00a0\u00bb button_text=\u00a0\u00bbD\u00e9couvrir\u00a0\u00bb _builder_version=\u00a0\u00bb4.27.4&Prime; _module_preset=\u00a0\u00bbb392d627-860c-4435-b2b5-f849106e6bd5&Prime; button_bg_color=\u00a0\u00bbgcid-cbfc2021-0a32-4a06-8584-fb5c84a8ccf8&Prime; button_icon=\u00a0\u00bb&#xf7e6;||fa||900&Prime; global_colors_info=\u00a0\u00bb{%22gcid-cbfc2021-0a32-4a06-8584-fb5c84a8ccf8%22:%91%22button_bg_color%22%93}\u00a0\u00bb][\/et_pb_button][\/et_pb_column][\/et_pb_row][\/et_pb_section][et_pb_section fb_built=\u00a0\u00bb1&Prime; _builder_version=\u00a0\u00bb4.27.5&Prime; _module_preset=\u00a0\u00bbdefault\u00a0\u00bb custom_padding=\u00a0\u00bb0px||0px||true|false\u00a0\u00bb global_colors_info=\u00a0\u00bb{}\u00a0\u00bb][et_pb_row _builder_version=\u00a0\u00bb4.27.4&Prime; _module_preset=\u00a0\u00bbdefault\u00a0\u00bb max_width=\u00a0\u00bb1280px\u00a0\u00bb global_colors_info=\u00a0\u00bb{}\u00a0\u00bb][et_pb_column type=\u00a0\u00bb4_4&Prime; _builder_version=\u00a0\u00bb4.27.4&Prime; _module_preset=\u00a0\u00bbdefault\u00a0\u00bb global_colors_info=\u00a0\u00bb{}\u00a0\u00bb][et_pb_accordion open_toggle_text_color=\u00a0\u00bb#FFFFFF\u00a0\u00bb open_toggle_background_color=\u00a0\u00bb#3c0d6e\u00a0\u00bb closed_toggle_text_color=\u00a0\u00bb#FFFFFF\u00a0\u00bb closed_toggle_background_color=\u00a0\u00bb#3c0d6e\u00a0\u00bb _builder_version=\u00a0\u00bb4.27.4&Prime; _module_preset=\u00a0\u00bbdefault\u00a0\u00bb toggle_text_color=\u00a0\u00bb#FFFFFF\u00a0\u00bb body_text_color=\u00a0\u00bb#FFFFFF\u00a0\u00bb custom_margin=\u00a0\u00bb|||2px||\u00a0\u00bb border_radii=\u00a0\u00bbon|10px|10px|10px|10px\u00a0\u00bb global_colors_info=\u00a0\u00bb{%22gcid-primary-color%22:%91%22closed_toggle_background_color%22,%22open_toggle_background_color%22%93}\u00a0\u00bb][et_pb_accordion_item title=\u00a0\u00bbNOTRE HISTOIRE\u00a0\u00bb open=\u00a0\u00bbon\u00a0\u00bb _builder_version=\u00a0\u00bb4.27.4&Prime; _module_preset=\u00a0\u00bbdefault\u00a0\u00bb global_colors_info=\u00a0\u00bb{}\u00a0\u00bb]<\/p>\n<p>La SAS MEDEO FORMATION, n\u00e9e en 2016, est une structure familiale o\u00f9 l\u2019amiti\u00e9, l\u2019engagement<br \/>professionnel, la qualit\u00e9, le prendre soin, les valeurs humanistes et sociales sont les maitres mots.<br \/>En 2020, MEDEO FORMATION poursuit son d\u00e9veloppement en int\u00e9grant la comp\u00e9tence V.A.E et B.C,<br \/>ainsi que des actions p\u00e9dagogiques aupr\u00e8s des ESSMS.<br \/>En 2022, MEDEO FORMATION ouvre un CFA dans le secteur sanitaire et social.<br \/>En 2024, MEDEO FORMATION obtient le label IPERIA en vue d\u2019animer des actions formatives aupr\u00e8s<br \/>des salari\u00e9s du particulier employeur, ainsi que des actions habilitantes au CPFFP.<br \/>L\u2019ensemble des formateurs et des intervenants sont des professionnels en activit\u00e9 et au c\u0153ur du<br \/>m\u00e9tier, afin d\u2019\u00eatre au plus pr\u00e8s des attentes du terrain.<br \/>MEDEO FORMATION est une structure locale \u00e0 taille humaine, accessible, disponible et \u00e0 l\u2019\u00e9coute de<br \/>ses clients afin de r\u00e9pondre \u00e0 leurs attentes.<\/p>\n<p>[\/et_pb_accordion_item][et_pb_accordion_item title=\u00a0\u00bbNOS OBJECTIFS\u00a0\u00bb _builder_version=\u00a0\u00bb4.27.4&Prime; _module_preset=\u00a0\u00bbdefault\u00a0\u00bb global_colors_info=\u00a0\u00bb{}\u00a0\u00bb open=\u00a0\u00bboff\u00a0\u00bb]<\/p>\n<p>1) Accompagner les professionnels de sant\u00e9 dans leurs d\u00e9sirs de formation, de d\u00e9veloppement et de perfectionnement de leurs comp\u00e9tences individuelles ou collectives\u00a0:<br \/>&#8211; Lib\u00e9raux : M\u00e9decins, Pharmaciens, Infirmiers, Masseurs-Kin\u00e9sith\u00e9rapeute, P\u00e9dicures-Podologues et Sages Femmes<br \/>&#8211; \u00c9tablissements des secteurs m\u00e9dicaux et m\u00e9dicaux sociaux : EHPAD, Service d\u2019aide et de soins \u00e0 domicile, maisons d\u2019accueil sp\u00e9cialis\u00e9es, ESAT et Centres hospitaliers, etc.<br \/>2) Guider les professionnels du secteur sanitaire et m\u00e9dico-social dans le cadre de la Validation des Acquis de l\u2019Exp\u00e9rience (VAE).<br \/>3) Toujours dans cette d\u00e9marche du d\u00e9veloppement des comp\u00e9tences et la reconnaissance des talents, MEDEO FORMATION collabore dans la concr\u00e9tisation de projets et le soutien d\u2019ambitions par la r\u00e9alisation de Bilans de Comp\u00e9tences (BC).<br \/>4) \u00c9pauler les personnes souhaitant s\u2019orienter ou se r\u00e9orienter par la voie de l\u2019apprentissage en d\u00e9veloppant leurs connaissances et leurs comp\u00e9tences et en facilitant leur int\u00e9gration en emploi, en coh\u00e9rence avec leur projet professionnel (CFA).<br \/>5) Professionnaliser les acteurs du particulier employeur par des formations continues et\/ou habilitantes.<\/p>\n<p>L\u2019objectif de cette d\u00e9marche est d\u2019apporter le renforcement ou l\u2019actualisation du portefeuille des comp\u00e9tences des entreprises quelle que soit leur taille, des lib\u00e9raux et des alternants, de donner une r\u00e9ponse sur mesure aux besoins sp\u00e9cifiques en lien avec les r\u00e9alit\u00e9s du terrain, et, enfin, de donner<br \/>du sens \u00e0 nos formations en mettant l\u2019humain au c\u0153ur de chacune de nos actions.<\/p>\n<p>Toutes les formations que nous proposons sont adapt\u00e9es aux personnes \u00e0 mobilit\u00e9 r\u00e9duite, sur<br \/>sollicitation du r\u00e9f\u00e9rent handicap afin d\u2019am\u00e9nager le parcours de formation.<\/p>\n<p>[\/et_pb_accordion_item][et_pb_accordion_item title=\u00a0\u00bbNOTRE RAISON D\u2019\u00caTRE\u00a0\u00bb _builder_version=\u00a0\u00bb4.27.4&Prime; _module_preset=\u00a0\u00bbdefault\u00a0\u00bb global_colors_info=\u00a0\u00bb{}\u00a0\u00bb open=\u00a0\u00bboff\u00a0\u00bb]<\/p>\n<p>Accompagner les acteurs du m\u00e9dico-social, du sanitaire, des professionnels de la m\u00e9decine de ville et du social dans leur mont\u00e9e en comp\u00e9tences, en leur proposant des formations adapt\u00e9es, accessibles et innovantes, qui r\u00e9pondent aux enjeux humains, soci\u00e9taux et environnementaux.<br \/>Ancr\u00e9e dans son territoire, MEDEO Formation favorise l\u2019\u00e9change de pratiques entre pairs, valorise les savoirs des professionnels et s\u2019engage \u00e0 proposer des formations de qualit\u00e9 constante, quels qu\u2019en soient le format ou le lieu. Port\u00e9e par une \u00e9thique forte, une exigence<br \/>continue de qualit\u00e9, une exp\u00e9rience concr\u00e8te du terrain et une expertise reconnue dans le secteur du sanitaire et du m\u00e9dico-social, MEDEO Formation agit pour renforcer les comp\u00e9tences des professionnels au service des patients et des usagers.<\/p>\n<p>Nous croyons en une approche responsable et humaine de la formation, comme levier de transformation plus durable, solidaire et respectueuse de tous.<\/p>\n<p>Medeo est issu du grec ancien \u201cMedeor\u201d qui signifie \u201cprendre soin\u201d.<\/p>\n<p>[\/et_pb_accordion_item][et_pb_accordion_item title=\u00a0\u00bbMEDEO Formation en Occitanie\u00a0\u00bb _builder_version=\u00a0\u00bb4.27.4&Prime; _module_preset=\u00a0\u00bbdefault\u00a0\u00bb global_colors_info=\u00a0\u00bb{}\u00a0\u00bb open=\u00a0\u00bboff\u00a0\u00bb]<\/p>\n<p>Formation DPC, FIF-pl, Formation continue intra ou inter \u00e9tablissement, CFA, Validation des acquis par l\u2019exp\u00e9rience (VAE) et Bilan de comp\u00e9tences (BC) pour les acteurs du m\u00e9dico-social, sanitaire, social et de la m\u00e9decine de ville.<\/p>\n<p>Bienvenue chez MEDEO Formation, organisme de formation certifi\u00e9 Qualiopi, Certif\u2019R\u00e9gion et Label Lucie Progress, engag\u00e9 aupr\u00e8s des acteurs du m\u00e9dico-social, du sanitaire, du social et de la m\u00e9decine de ville partout en r\u00e9gion Occitanie.<\/p>\n<p>Chaque jour, nous accompagnons :<\/p>\n<p>Les professionnels du m\u00e9dico-social : aides-soignants, AES, \u00e9ducateurs sp\u00e9cialis\u00e9s, moniteurs-\u00e9ducateurs, assistants sociaux&#8230;<br \/>Les personnels de sant\u00e9 et du secteur sanitaire : infirmiers, agents de soins, auxiliaire de vie, \u2026<br \/>Les professionnels de la m\u00e9decine de ville : m\u00e9decins, sages-femmes, kin\u00e9sith\u00e9rapeutes, pharmaciens, orthophonistes, infirmiers,&#8230;<br \/>Les acteurs du champ social : conseillers en insertion, animateurs, responsables associatifs, encadrants de structures sociales&#8230;<br \/>Notre mission ? Offrir \u00e0 chacun une solution adapt\u00e9e \u00e0 son projet professionnel : formation, reconversion, VAE ou apprentissage.<\/p>\n<p>Une couverture r\u00e9gionale compl\u00e8te en Occitanie<\/p>\n<p>Notre force, c\u2019est notre ancrage territorial.<br \/>MEDEO Formation est pr\u00e9sent dans tous les d\u00e9partements d\u2019Occitanie :<\/p>\n<p>Ari\u00e8ge (09), Aude (11), Aveyron (12), Gard (30), Haute-Garonne (31), Gers (32), H\u00e9rault (34), Lot (46), Loz\u00e8re (48), Hautes-Pyr\u00e9n\u00e9es (65), Pyr\u00e9n\u00e9es-Orientales (66), Tarn (81) et Tarn-et-Garonne (82).<\/p>\n<p>Nos villes d\u2019intervention r\u00e9guli\u00e8res :<br \/>Toulouse, Montpellier, Perpignan, N\u00eemes, Narbonne, Albi, Carcassonne, Montauban, Cahors, Tarbes, Pau, Agen, Rodez, Auch, Foix, Castres, \u2026<\/p>\n<p>Nous proposons des formations en pr\u00e9sentiel, \u00e0 distance (classe virtuelle ou e-learning) ou en intra dans vos \u00e9tablissements.<\/p>\n<p>[\/et_pb_accordion_item][\/et_pb_accordion][\/et_pb_column][\/et_pb_row][\/et_pb_section][et_pb_section fb_built=\u00a0\u00bb1&Prime; _builder_version=\u00a0\u00bb4.27.6&Prime; _module_preset=\u00a0\u00bbdefault\u00a0\u00bb global_colors_info=\u00a0\u00bb{}\u00a0\u00bb][et_pb_row _builder_version=\u00a0\u00bb4.27.6&Prime; _module_preset=\u00a0\u00bbdefault\u00a0\u00bb global_colors_info=\u00a0\u00bb{}\u00a0\u00bb][et_pb_column type=\u00a0\u00bb4_4&Prime; _builder_version=\u00a0\u00bb4.27.6&Prime; _module_preset=\u00a0\u00bbdefault\u00a0\u00bb global_colors_info=\u00a0\u00bb{}\u00a0\u00bb][et_pb_text _builder_version=\u00a0\u00bb4.27.6&Prime; _module_preset=\u00a0\u00bb6066b15d-d2e5-4444-8c83-8424e9779808&Prime; text_text_color=\u00a0\u00bb#000000&Prime; header_2_text_color=\u00a0\u00bb#FFFFFF\u00a0\u00bb custom_margin=\u00a0\u00bb||10px||false|false\u00a0\u00bb hover_enabled=\u00a0\u00bb0&Prime; global_colors_info=\u00a0\u00bb{}\u00a0\u00bb text_font_size=\u00a0\u00bb20px\u00a0\u00bb header_font_size=\u00a0\u00bb27px\u00a0\u00bb sticky_enabled=\u00a0\u00bb0&Prime;]<\/p>\n<h2 style=\"text-align: center;\"><span style=\"color: #212121;\">Actualit\u00e9s<\/span><\/h2>\n<p>[\/et_pb_text][et_pb_blog posts_number=\u00a0\u00bb6&Prime; include_categories=\u00a0\u00bball\u00a0\u00bb _builder_version=\u00a0\u00bb4.27.6&Prime; _module_preset=\u00a0\u00bbdefault\u00a0\u00bb hover_enabled=\u00a0\u00bb0&Prime; global_colors_info=\u00a0\u00bb{%22gcid-secondary-color%22:%91%22read_more_text_color%22%93}\u00a0\u00bb fullwidth=\u00a0\u00bboff\u00a0\u00bb show_more=\u00a0\u00bbon\u00a0\u00bb show_author=\u00a0\u00bboff\u00a0\u00bb show_categories=\u00a0\u00bboff\u00a0\u00bb show_date=\u00a0\u00bboff\u00a0\u00bb header_font=\u00a0\u00bb|700|||||||\u00a0\u00bb read_more_text_color=\u00a0\u00bbgcid-secondary-color\u00a0\u00bb read_more_line_height=\u00a0\u00bb3em\u00a0\u00bb sticky_enabled=\u00a0\u00bb0&Prime;][\/et_pb_blog][\/et_pb_column][\/et_pb_row][\/et_pb_section][et_pb_section fb_built=\u00a0\u00bb1&Prime; _builder_version=\u00a0\u00bb4.27.5&Prime; _module_preset=\u00a0\u00bbdefault\u00a0\u00bb background_color=\u00a0\u00bb#f78902&Prime; global_colors_info=\u00a0\u00bb{}\u00a0\u00bb][et_pb_row column_structure=\u00a0\u00bb1_2,1_2&Prime; _builder_version=\u00a0\u00bb4.27.4&Prime; _module_preset=\u00a0\u00bbdefault\u00a0\u00bb global_colors_info=\u00a0\u00bb{}\u00a0\u00bb][et_pb_column type=\u00a0\u00bb1_2&Prime; _builder_version=\u00a0\u00bb4.27.4&Prime; _module_preset=\u00a0\u00bbdefault\u00a0\u00bb global_colors_info=\u00a0\u00bb{}\u00a0\u00bb][et_pb_text _builder_version=\u00a0\u00bb4.27.5&Prime; _module_preset=\u00a0\u00bbf192c165-91de-488d-8263-d64f9ef1c53f\u00a0\u00bb text_text_color=\u00a0\u00bb#FFFFFF\u00a0\u00bb global_colors_info=\u00a0\u00bb{}\u00a0\u00bb]<\/p>\n<ul>\n<li><span style=\"color: #ffffff;\"><a href=\"https:\/\/medeoformation.fr\/index.php\/informations-et-mentions-legales\/\" style=\"color: #ffffff;\">Info et mentions l\u00e9gales<\/a><\/span><\/li>\n<li><span style=\"color: #ffffff;\"><a href=\"https:\/\/medeoformation.fr\/index.php\/chartes-et-engagements\/\" style=\"color: #ffffff;\">Nos chartes et engagements<\/a><\/span><\/li>\n<li><span style=\"color: #ffffff;\"><a href=\"https:\/\/medeoformation.fr\/index.php\/reclamation-et-signalement\/\" style=\"color: #ffffff;\">R\u00e9clamations et signalements<\/a><\/span><\/li>\n<li><span style=\"color: #ffffff;\"><a href=\"https:\/\/medeoformation.fr\/index.php\/certifications-et-labels\/\" style=\"color: #ffffff;\">Certifications et labels<\/a><\/span><\/li>\n<li><a href=\"https:\/\/medeoformation.fr\/index.php\/notre-organisation\/\"><span style=\"color: #ffffff;\">Notre organisation<\/span><\/a><\/li>\n<li><a href=\"https:\/\/medeoformation.fr\/wp-content\/uploads\/2026\/02\/CGV-V2.pdf\"><span style=\"color: #ffffff;\">CGV<\/span><\/a><\/li>\n<li><span style=\"color: #ffffff;\"><a href=\"https:\/\/medeoformation.fr\/wp-content\/uploads\/2025\/06\/2025-RI.pdf\" style=\"color: #ffffff;\">R\u00e9glement int\u00e9rieur<\/a><\/span><\/li>\n<li><a href=\"https:\/\/medeoformation.fr\/wp-content\/uploads\/2026\/02\/Livret-FOAD.pdf\"><span style=\"color: #ffffff;\">Livret d&rsquo;accueil FOAD<\/span><\/a><\/li>\n<li><a href=\"https:\/\/medeoformation.fr\/wp-content\/uploads\/2025\/06\/Livret-apprenant-pre%E2%95%A0usentiel.pdf\"><span style=\"color: #ffffff;\">Livret d&rsquo;accueil OF<\/span><\/a><\/li>\n<li><a href=\"https:\/\/medeoformation.fr\/index.php\/nos-indicateurs\/\"><span style=\"color: #ffffff;\">Nos indicateurs<\/span><\/a><\/li>\n<li><span style=\"color: #ffffff;\"><a href=\"https:\/\/medeoformation.fr\/index.php\/nos-partenaires\/\" style=\"color: #ffffff;\">Nos partenaires<\/a><\/span><\/li>\n<li><span style=\"color: #ffffff;\"><a href=\"https:\/\/medeoformation.fr\/index.php\/financements\/\" style=\"color: #ffffff;\">Financements<\/a><\/span><\/li>\n<\/ul>\n<pre class=\"ti-widget\"><template id=\"trustindex-google-widget-html\"><div class=\" ti-widget  ti-goog ti-show-rating-text ti-review-text-mode-readmore ti-text-align-left\" data-no-translation=\"true\" data-time-locale=\"il y a %d %s|aujourd'hui|jour|jours|semaine|semaines|mois|mois|ann\u00e9e|ans\" data-plugin-version=\"13.2.8\" data-layout-id=\"17\" data-layout-category=\"floating\" data-set-id=\"light-background\" data-pid=\"\" data-language=\"fr\" data-close-locale=\"Fermer\" data-css-version=\"2\" data-reply-by-locale=\"R\u00e9ponse du propri\u00e9taire\" data-only-rating-locale=\"Cet utilisateur a uniquement laiss\u00e9 une \u00e9valuation.\" data-pager-autoplay-timeout=\"6\"> <div class=\"ti-widget-container ti-col-1\"> <div class=\"ti-reviews-container\"> <div class=\"ti-reviews-container-wrapper\">  <div data-empty=\"0\" data-time=\"1760227200\" class=\"ti-review-item source-Google ti-image-layout-thumbnail\" data-id=\"cfcd208495d565ef66e7dff9f98764da\"> <div class=\"ti-close-button\" aria-label=\"Fermer\" role=\"button\"><\/div> <div class=\"ti-inner\"> <div class=\"col-left\"> <div class=\"ti-review-header\"> <div class=\"ti-profile-img\"> <trustindex-image data-imgurl=\"https:\/\/lh3.googleusercontent.com\/a-\/ALV-UjUuC5Q-oSu_g20rmj1XF73c7OUTg5vA1nXoWV4ss0m6PgURp0Y=w40-h40-c-rp-mo-br100\" alt=\"Julie Grias profile picture\" loading=\"lazy\"><\/trustindex-image> <\/div> <\/div> <\/div> <div class=\"col-right\"> <span class=\"ti-stars\"> <div class=\"ti-platform-icon ti-with-tooltip\"> <span class=\"ti-tooltip\">Publi\u00e9 sur <\/span> <trustindex-image data-imgurl=\"https:\/\/cdn.trustindex.io\/assets\/platform\/Google\/icon.svg\" alt=\"\" width=\"20\" height=\"20\" loading=\"lazy\"><\/trustindex-image> <\/div> <trustindex-image class=\"ti-star\" data-imgurl=\"https:\/\/cdn.trustindex.io\/assets\/platform\/Google\/star\/f.svg\" alt=\"Google\" width=\"17\" height=\"17\" loading=\"lazy\"><\/trustindex-image><trustindex-image class=\"ti-star\" data-imgurl=\"https:\/\/cdn.trustindex.io\/assets\/platform\/Google\/star\/f.svg\" alt=\"Google\" width=\"17\" height=\"17\" loading=\"lazy\"><\/trustindex-image><trustindex-image class=\"ti-star\" data-imgurl=\"https:\/\/cdn.trustindex.io\/assets\/platform\/Google\/star\/f.svg\" alt=\"Google\" width=\"17\" height=\"17\" loading=\"lazy\"><\/trustindex-image><trustindex-image class=\"ti-star\" data-imgurl=\"https:\/\/cdn.trustindex.io\/assets\/platform\/Google\/star\/f.svg\" alt=\"Google\" width=\"17\" height=\"17\" loading=\"lazy\"><\/trustindex-image><trustindex-image class=\"ti-star\" data-imgurl=\"https:\/\/cdn.trustindex.io\/assets\/platform\/Google\/star\/f.svg\" alt=\"Google\" width=\"17\" height=\"17\" loading=\"lazy\"><\/trustindex-image> <\/span> <div class=\"ti-review-text-container ti-review-text\"><!-- R-CONTENT -->Accompagnement pour la VAE aide soignante excellente. J\u2019ai toujours \u00e9t\u00e9 bien accueilli, souriant. Je les recommande vivement.<!-- R-CONTENT --><\/div> <div class=\"ti-profile-details\"> <div class=\"ti-name\"> Julie Grias <\/div> <div class=\"ti-date\"><\/div> <\/div> <\/div> <\/div> <\/div>  <div data-empty=\"0\" data-time=\"1759968000\" class=\"ti-review-item source-Google ti-image-layout-thumbnail\" data-id=\"cfcd208495d565ef66e7dff9f98764da\"> <div class=\"ti-close-button\" aria-label=\"Fermer\" role=\"button\"><\/div> <div class=\"ti-inner\"> <div class=\"col-left\"> <div class=\"ti-review-header\"> <div class=\"ti-profile-img\"> <trustindex-image data-imgurl=\"https:\/\/lh3.googleusercontent.com\/a-\/ALV-UjUo45BT1_0aHXv7yzJgHH1E97AntIWSxLMGidCEFpHXDkUv1I3oWg=w40-h40-c-rp-mo-ba3-br100\" alt=\"christelle hofmann profile picture\" loading=\"lazy\"><\/trustindex-image> <\/div> <\/div> <\/div> <div class=\"col-right\"> <span class=\"ti-stars\"> <div class=\"ti-platform-icon ti-with-tooltip\"> <span class=\"ti-tooltip\">Publi\u00e9 sur <\/span> <trustindex-image data-imgurl=\"https:\/\/cdn.trustindex.io\/assets\/platform\/Google\/icon.svg\" alt=\"\" width=\"20\" height=\"20\" loading=\"lazy\"><\/trustindex-image> <\/div> <trustindex-image class=\"ti-star\" data-imgurl=\"https:\/\/cdn.trustindex.io\/assets\/platform\/Google\/star\/f.svg\" alt=\"Google\" width=\"17\" height=\"17\" loading=\"lazy\"><\/trustindex-image><trustindex-image class=\"ti-star\" data-imgurl=\"https:\/\/cdn.trustindex.io\/assets\/platform\/Google\/star\/f.svg\" alt=\"Google\" width=\"17\" height=\"17\" loading=\"lazy\"><\/trustindex-image><trustindex-image class=\"ti-star\" data-imgurl=\"https:\/\/cdn.trustindex.io\/assets\/platform\/Google\/star\/f.svg\" alt=\"Google\" width=\"17\" height=\"17\" loading=\"lazy\"><\/trustindex-image><trustindex-image class=\"ti-star\" data-imgurl=\"https:\/\/cdn.trustindex.io\/assets\/platform\/Google\/star\/f.svg\" alt=\"Google\" width=\"17\" height=\"17\" loading=\"lazy\"><\/trustindex-image><trustindex-image class=\"ti-star\" data-imgurl=\"https:\/\/cdn.trustindex.io\/assets\/platform\/Google\/star\/f.svg\" alt=\"Google\" width=\"17\" height=\"17\" loading=\"lazy\"><\/trustindex-image> <\/span> <div class=\"ti-review-text-container ti-review-text\"><!-- R-CONTENT -->Un grand merci \u00e0 toute l\u2019\u00e9quipe \u00e0 l\u2019\u00e9coute et un super accompagnement de l\u2019inscription jusqu'au jour de l'examen<!-- R-CONTENT --><\/div> <div class=\"ti-profile-details\"> <div class=\"ti-name\"> christelle hofmann <\/div> <div class=\"ti-date\"><\/div> <\/div> <\/div> <\/div> <\/div>  <div data-empty=\"0\" data-time=\"1759968000\" class=\"ti-review-item source-Google ti-image-layout-thumbnail\" data-id=\"cfcd208495d565ef66e7dff9f98764da\"> <div class=\"ti-close-button\" aria-label=\"Fermer\" role=\"button\"><\/div> <div class=\"ti-inner\"> <div class=\"col-left\"> <div class=\"ti-review-header\"> <div class=\"ti-profile-img\"> <trustindex-image data-imgurl=\"https:\/\/lh3.googleusercontent.com\/a-\/ALV-UjXTGvNpsSDa1t0RZd1rT_Mxlj66i0bTxEyt1DsS3oeVhpX2GxYt=w40-h40-c-rp-mo-br100\" alt=\"Morgane Baso profile picture\" loading=\"lazy\"><\/trustindex-image> <\/div> <\/div> <\/div> <div class=\"col-right\"> <span class=\"ti-stars\"> <div class=\"ti-platform-icon ti-with-tooltip\"> <span class=\"ti-tooltip\">Publi\u00e9 sur <\/span> <trustindex-image data-imgurl=\"https:\/\/cdn.trustindex.io\/assets\/platform\/Google\/icon.svg\" alt=\"\" width=\"20\" height=\"20\" loading=\"lazy\"><\/trustindex-image> <\/div> <trustindex-image class=\"ti-star\" data-imgurl=\"https:\/\/cdn.trustindex.io\/assets\/platform\/Google\/star\/f.svg\" alt=\"Google\" width=\"17\" height=\"17\" loading=\"lazy\"><\/trustindex-image><trustindex-image class=\"ti-star\" data-imgurl=\"https:\/\/cdn.trustindex.io\/assets\/platform\/Google\/star\/f.svg\" alt=\"Google\" width=\"17\" height=\"17\" loading=\"lazy\"><\/trustindex-image><trustindex-image class=\"ti-star\" data-imgurl=\"https:\/\/cdn.trustindex.io\/assets\/platform\/Google\/star\/f.svg\" alt=\"Google\" width=\"17\" height=\"17\" loading=\"lazy\"><\/trustindex-image><trustindex-image class=\"ti-star\" data-imgurl=\"https:\/\/cdn.trustindex.io\/assets\/platform\/Google\/star\/f.svg\" alt=\"Google\" width=\"17\" height=\"17\" loading=\"lazy\"><\/trustindex-image><trustindex-image class=\"ti-star\" data-imgurl=\"https:\/\/cdn.trustindex.io\/assets\/platform\/Google\/star\/f.svg\" alt=\"Google\" width=\"17\" height=\"17\" loading=\"lazy\"><\/trustindex-image> <\/span> <div class=\"ti-review-text-container ti-review-text\"><!-- R-CONTENT -->Formation NGAP super ! La dynamique de la formation m\u2019a permis de ne pas me d\u00e9concentr\u00e9e durant ces 4 jours en visio !\nLe formateur est clair, une vrai bible d\u2019information ! Vraiment je recommande. J\u2019ai appris plein de chose \u00e0 ces c\u00f4t\u00e9s ! Il n\u2019y a plus qu\u2019\u00e0 les appliquer !<!-- R-CONTENT --><\/div> <div class=\"ti-profile-details\"> <div class=\"ti-name\"> Morgane Baso <\/div> <div class=\"ti-date\"><\/div> <\/div> <\/div> <\/div> <\/div>  <div data-empty=\"0\" data-time=\"1758844800\" class=\"ti-review-item source-Google ti-image-layout-thumbnail\" data-id=\"cfcd208495d565ef66e7dff9f98764da\"> <div class=\"ti-close-button\" aria-label=\"Fermer\" role=\"button\"><\/div> <div class=\"ti-inner\"> <div class=\"col-left\"> <div class=\"ti-review-header\"> <div class=\"ti-profile-img\"> <trustindex-image data-imgurl=\"https:\/\/lh3.googleusercontent.com\/a\/ACg8ocK9OchgJzV2Cr-bVSAAeYwGyvf0OQRKNp9jF1NpwK1mO6xkrA=w40-h40-c-rp-mo-br100\" alt=\"Virginie Riv\u00e9 profile picture\" loading=\"lazy\"><\/trustindex-image> <\/div> <\/div> <\/div> <div class=\"col-right\"> <span class=\"ti-stars\"> <div class=\"ti-platform-icon ti-with-tooltip\"> <span class=\"ti-tooltip\">Publi\u00e9 sur <\/span> <trustindex-image data-imgurl=\"https:\/\/cdn.trustindex.io\/assets\/platform\/Google\/icon.svg\" alt=\"\" width=\"20\" height=\"20\" loading=\"lazy\"><\/trustindex-image> <\/div> <trustindex-image class=\"ti-star\" data-imgurl=\"https:\/\/cdn.trustindex.io\/assets\/platform\/Google\/star\/f.svg\" alt=\"Google\" width=\"17\" height=\"17\" loading=\"lazy\"><\/trustindex-image><trustindex-image class=\"ti-star\" data-imgurl=\"https:\/\/cdn.trustindex.io\/assets\/platform\/Google\/star\/f.svg\" alt=\"Google\" width=\"17\" height=\"17\" loading=\"lazy\"><\/trustindex-image><trustindex-image class=\"ti-star\" data-imgurl=\"https:\/\/cdn.trustindex.io\/assets\/platform\/Google\/star\/f.svg\" alt=\"Google\" width=\"17\" height=\"17\" loading=\"lazy\"><\/trustindex-image><trustindex-image class=\"ti-star\" data-imgurl=\"https:\/\/cdn.trustindex.io\/assets\/platform\/Google\/star\/f.svg\" alt=\"Google\" width=\"17\" height=\"17\" loading=\"lazy\"><\/trustindex-image><trustindex-image class=\"ti-star\" data-imgurl=\"https:\/\/cdn.trustindex.io\/assets\/platform\/Google\/star\/f.svg\" alt=\"Google\" width=\"17\" height=\"17\" loading=\"lazy\"><\/trustindex-image> <\/span> <div class=\"ti-review-text-container ti-review-text\"><!-- R-CONTENT -->Compl\u00e8te, int\u00e9ressante<!-- R-CONTENT --><\/div> <div class=\"ti-profile-details\"> <div class=\"ti-name\"> Virginie Riv\u00e9 <\/div> <div class=\"ti-date\"><\/div> <\/div> <\/div> <\/div> <\/div>  <div data-empty=\"0\" data-time=\"1758585600\" class=\"ti-review-item source-Google ti-image-layout-thumbnail\" data-id=\"cfcd208495d565ef66e7dff9f98764da\"> <div class=\"ti-close-button\" aria-label=\"Fermer\" role=\"button\"><\/div> <div class=\"ti-inner\"> <div class=\"col-left\"> <div class=\"ti-review-header\"> <div class=\"ti-profile-img\"> <trustindex-image data-imgurl=\"https:\/\/lh3.googleusercontent.com\/a-\/ALV-UjUSNO2Rj9vrg8xrSHmF6TSUGV2qOT9H_xhnQVveKzpid6CaFuU=w40-h40-c-rp-mo-ba2-br100\" alt=\"ivan schuwer profile picture\" loading=\"lazy\"><\/trustindex-image> <\/div> <\/div> <\/div> <div class=\"col-right\"> <span class=\"ti-stars\"> <div class=\"ti-platform-icon ti-with-tooltip\"> <span class=\"ti-tooltip\">Publi\u00e9 sur <\/span> <trustindex-image data-imgurl=\"https:\/\/cdn.trustindex.io\/assets\/platform\/Google\/icon.svg\" alt=\"\" width=\"20\" height=\"20\" loading=\"lazy\"><\/trustindex-image> <\/div> <trustindex-image class=\"ti-star\" data-imgurl=\"https:\/\/cdn.trustindex.io\/assets\/platform\/Google\/star\/f.svg\" alt=\"Google\" width=\"17\" height=\"17\" loading=\"lazy\"><\/trustindex-image><trustindex-image class=\"ti-star\" data-imgurl=\"https:\/\/cdn.trustindex.io\/assets\/platform\/Google\/star\/f.svg\" alt=\"Google\" width=\"17\" height=\"17\" loading=\"lazy\"><\/trustindex-image><trustindex-image class=\"ti-star\" data-imgurl=\"https:\/\/cdn.trustindex.io\/assets\/platform\/Google\/star\/f.svg\" alt=\"Google\" width=\"17\" height=\"17\" loading=\"lazy\"><\/trustindex-image><trustindex-image class=\"ti-star\" data-imgurl=\"https:\/\/cdn.trustindex.io\/assets\/platform\/Google\/star\/f.svg\" alt=\"Google\" width=\"17\" height=\"17\" loading=\"lazy\"><\/trustindex-image><trustindex-image class=\"ti-star\" data-imgurl=\"https:\/\/cdn.trustindex.io\/assets\/platform\/Google\/star\/f.svg\" alt=\"Google\" width=\"17\" height=\"17\" loading=\"lazy\"><\/trustindex-image> <\/span> <div class=\"ti-review-text-container ti-review-text\"><!-- R-CONTENT -->Comme d\u2019habitude une tr\u00e8s bonne formation dans un cadre magnifique\nun formateur ,Gonzalvez Gr\u00e9gory ,tr\u00e8s dynamique , p\u00e9dagogue, je recommande Medeo formation<!-- R-CONTENT --><\/div> <div class=\"ti-profile-details\"> <div class=\"ti-name\"> ivan schuwer <\/div> <div class=\"ti-date\"><\/div> <\/div> <\/div> <\/div> <\/div>  <div data-empty=\"0\" data-time=\"1758585600\" class=\"ti-review-item source-Google ti-image-layout-thumbnail\" data-id=\"cfcd208495d565ef66e7dff9f98764da\"> <div class=\"ti-close-button\" aria-label=\"Fermer\" role=\"button\"><\/div> <div class=\"ti-inner\"> <div class=\"col-left\"> <div class=\"ti-review-header\"> <div class=\"ti-profile-img\"> <trustindex-image data-imgurl=\"https:\/\/lh3.googleusercontent.com\/a\/ACg8ocLeoOURf5HzZ-vrEVp4obX9FkIwr1dLjNnbHiHeqn95_by8jQ=w40-h40-c-rp-mo-br100\" alt=\"Laetice profile picture\" loading=\"lazy\"><\/trustindex-image> <\/div> <\/div> <\/div> <div class=\"col-right\"> <span class=\"ti-stars\"> <div class=\"ti-platform-icon ti-with-tooltip\"> <span class=\"ti-tooltip\">Publi\u00e9 sur <\/span> <trustindex-image data-imgurl=\"https:\/\/cdn.trustindex.io\/assets\/platform\/Google\/icon.svg\" alt=\"\" width=\"20\" height=\"20\" loading=\"lazy\"><\/trustindex-image> <\/div> <trustindex-image class=\"ti-star\" data-imgurl=\"https:\/\/cdn.trustindex.io\/assets\/platform\/Google\/star\/f.svg\" alt=\"Google\" width=\"17\" height=\"17\" loading=\"lazy\"><\/trustindex-image><trustindex-image class=\"ti-star\" data-imgurl=\"https:\/\/cdn.trustindex.io\/assets\/platform\/Google\/star\/f.svg\" alt=\"Google\" width=\"17\" height=\"17\" loading=\"lazy\"><\/trustindex-image><trustindex-image class=\"ti-star\" data-imgurl=\"https:\/\/cdn.trustindex.io\/assets\/platform\/Google\/star\/f.svg\" alt=\"Google\" width=\"17\" height=\"17\" loading=\"lazy\"><\/trustindex-image><trustindex-image class=\"ti-star\" data-imgurl=\"https:\/\/cdn.trustindex.io\/assets\/platform\/Google\/star\/f.svg\" alt=\"Google\" width=\"17\" height=\"17\" loading=\"lazy\"><\/trustindex-image><trustindex-image class=\"ti-star\" data-imgurl=\"https:\/\/cdn.trustindex.io\/assets\/platform\/Google\/star\/f.svg\" alt=\"Google\" width=\"17\" height=\"17\" loading=\"lazy\"><\/trustindex-image> <\/span> <div class=\"ti-review-text-container ti-review-text\"><!-- R-CONTENT -->Je viens de terminer ma formation ICOPE et je suis pleinement satisfait(e). Le contenu est structur\u00e9, pertinent et directement applicable dans la pratique professionnelle. Le formateur a su rendre les notions accessibles gr\u00e2ce \u00e0 des explications claires et \u00e0 des exemples concrets. Son sens p\u00e9dagogique, sa disponibilit\u00e9 et son dynamisme ont largement contribu\u00e9 \u00e0 la r\u00e9ussite de cette formation. Je recommande vivement ce programme \u00e0 toute personne souhaitant approfondir ses comp\u00e9tences.\u201d\nSans oublier le cadre magnifique\u2026<!-- R-CONTENT --><\/div> <div class=\"ti-profile-details\"> <div class=\"ti-name\"> Laetice <\/div> <div class=\"ti-date\"><\/div> <\/div> <\/div> <\/div> <\/div>  <div data-empty=\"0\" data-time=\"1757635200\" class=\"ti-review-item source-Google ti-image-layout-thumbnail\" data-id=\"cfcd208495d565ef66e7dff9f98764da\"> <div class=\"ti-close-button\" aria-label=\"Fermer\" role=\"button\"><\/div> <div class=\"ti-inner\"> <div class=\"col-left\"> <div class=\"ti-review-header\"> <div class=\"ti-profile-img\"> <trustindex-image data-imgurl=\"https:\/\/lh3.googleusercontent.com\/a\/ACg8ocLqLPTg1qpVsLd9CqMlneOHAihIBwaIReuZGM9ArCIXiChZoQ=w40-h40-c-rp-mo-br100\" alt=\"Emilie profile picture\" loading=\"lazy\"><\/trustindex-image> <\/div> <\/div> <\/div> <div class=\"col-right\"> <span class=\"ti-stars\"> <div class=\"ti-platform-icon ti-with-tooltip\"> <span class=\"ti-tooltip\">Publi\u00e9 sur <\/span> <trustindex-image data-imgurl=\"https:\/\/cdn.trustindex.io\/assets\/platform\/Google\/icon.svg\" alt=\"\" width=\"20\" height=\"20\" loading=\"lazy\"><\/trustindex-image> <\/div> <trustindex-image class=\"ti-star\" data-imgurl=\"https:\/\/cdn.trustindex.io\/assets\/platform\/Google\/star\/f.svg\" alt=\"Google\" width=\"17\" height=\"17\" loading=\"lazy\"><\/trustindex-image><trustindex-image class=\"ti-star\" data-imgurl=\"https:\/\/cdn.trustindex.io\/assets\/platform\/Google\/star\/f.svg\" alt=\"Google\" width=\"17\" height=\"17\" loading=\"lazy\"><\/trustindex-image><trustindex-image class=\"ti-star\" data-imgurl=\"https:\/\/cdn.trustindex.io\/assets\/platform\/Google\/star\/f.svg\" alt=\"Google\" width=\"17\" height=\"17\" loading=\"lazy\"><\/trustindex-image><trustindex-image class=\"ti-star\" data-imgurl=\"https:\/\/cdn.trustindex.io\/assets\/platform\/Google\/star\/f.svg\" alt=\"Google\" width=\"17\" height=\"17\" loading=\"lazy\"><\/trustindex-image><trustindex-image class=\"ti-star\" data-imgurl=\"https:\/\/cdn.trustindex.io\/assets\/platform\/Google\/star\/f.svg\" alt=\"Google\" width=\"17\" height=\"17\" loading=\"lazy\"><\/trustindex-image> <\/span> <div class=\"ti-review-text-container ti-review-text\"><!-- R-CONTENT -->Merci Virginie<!-- R-CONTENT --><\/div> <div class=\"ti-profile-details\"> <div class=\"ti-name\"> Emilie <\/div> <div class=\"ti-date\"><\/div> <\/div> <\/div> <\/div> <\/div>  <\/div> <\/div> <\/div> <\/div> <\/template><\/pre><div data-src=\"https:\/\/cdn.trustindex.io\/loader.js?wp-widget\" data-template-id=\"trustindex-google-widget-html\" data-css-url=\"https:\/\/medeo-formation.fr\/wp-content\/uploads\/trustindex-google-widget.css?1775036772\"><\/div>\n<p>[\/et_pb_text][\/et_pb_column][et_pb_column type=\u00a0\u00bb1_2&Prime; _builder_version=\u00a0\u00bb4.27.4&Prime; _module_preset=\u00a0\u00bbdefault\u00a0\u00bb global_colors_info=\u00a0\u00bb{}\u00a0\u00bb][et_pb_code _builder_version=\u00a0\u00bb4.27.4&Prime; _module_preset=\u00a0\u00bbdefault\u00a0\u00bb global_colors_info=\u00a0\u00bb{}\u00a0\u00bb]<!-- D\u00e9but de widget en ligne Calendly --><!-- [et_pb_line_break_holder] --><\/p>\n<div class=\"calendly-inline-widget\" data-url=\"https:\/\/calendly.com\/direction-medeo-formation\/rdv-telephonique-avec-votre-commerciale-medeo-formation?hide_event_type_details=1\" style=\"min-width:320px;height:400px;\"><\/div>\n<p><!-- [et_pb_line_break_holder] --><script type=\"text\/javascript\" src=\"https:\/\/assets.calendly.com\/assets\/external\/widget.js\" async><\/script><!-- [et_pb_line_break_holder] --><!-- Fin de widget en ligne Calendly -->[\/et_pb_code][\/et_pb_column][\/et_pb_row][et_pb_row _builder_version=\u00a0\u00bb4.27.4&Prime; _module_preset=\u00a0\u00bbdefault\u00a0\u00bb global_colors_info=\u00a0\u00bb{}\u00a0\u00bb][et_pb_column type=\u00a0\u00bb4_4&Prime; _builder_version=\u00a0\u00bb4.27.4&Prime; _module_preset=\u00a0\u00bbdefault\u00a0\u00bb global_colors_info=\u00a0\u00bb{}\u00a0\u00bb][et_pb_image src=\u00a0\u00bbhttps:\/\/medeo-formation.fr\/wp-content\/uploads\/2026\/04\/certifmedeo.jpg\u00a0\u00bb title_text=\u00a0\u00bbDesign sans titre &#8211; 1&Prime; _builder_version=\u00a0\u00bb4.27.6&Prime; _module_preset=\u00a0\u00bbdefault\u00a0\u00bb global_colors_info=\u00a0\u00bb{}\u00a0\u00bb src__hover_enabled=\u00a0\u00bboff|desktop\u00a0\u00bb][\/et_pb_image][\/et_pb_column][\/et_pb_row][\/et_pb_section]<\/p>\n","protected":false},"excerpt":{"rendered":"<p>Trouvez le domaine qui vous correspond \ud83c\udf93DPC FIF-PL \ud83d\udc69\u200d\u2695\ufe0fNos formations adapt\u00e9es \u00e0 votre pratique de professionnel de sant\u00e9ESSMS \ud83c\udfe5Des formations inter &#038; intra sur-mesure pour les professionnels du sanitaire et m\u00e9dico-social.VAE \ud83e\uddfeUn accompagnement complet et personnalis\u00e9 vers la valorisation de votre exp\u00e9rience.ALTERNANCE \ud83c\udfebAcqu\u00e9rir des comp\u00e9tences op\u00e9rationnelles dans le secteur du m\u00e9dico-social \u00e0 Perpignan.BILAN DE COMPETENCES [&hellip;]<\/p>\n","protected":false},"author":1,"featured_media":8,"parent":0,"menu_order":0,"comment_status":"closed","ping_status":"closed","template":"","meta":{"_et_pb_use_builder":"on","_et_pb_old_content":"","_et_gb_content_width":"","footnotes":""},"class_list":["post-987511930","page","type-page","status-publish","has-post-thumbnail","hentry"],"_links":{"self":[{"href":"https:\/\/medeo-formation.fr\/wp-json\/wp\/v2\/pages\/987511930","targetHints":{"allow":["GET"]}}],"collection":[{"href":"https:\/\/medeo-formation.fr\/wp-json\/wp\/v2\/pages"}],"about":[{"href":"https:\/\/medeo-formation.fr\/wp-json\/wp\/v2\/types\/page"}],"author":[{"embeddable":true,"href":"https:\/\/medeo-formation.fr\/wp-json\/wp\/v2\/users\/1"}],"replies":[{"embeddable":true,"href":"https:\/\/medeo-formation.fr\/wp-json\/wp\/v2\/comments?post=987511930"}],"version-history":[{"count":26,"href":"https:\/\/medeo-formation.fr\/wp-json\/wp\/v2\/pages\/987511930\/revisions"}],"predecessor-version":[{"id":987512028,"href":"https:\/\/medeo-formation.fr\/wp-json\/wp\/v2\/pages\/987511930\/revisions\/987512028"}],"wp:featuredmedia":[{"embeddable":true,"href":"https:\/\/medeo-formation.fr\/wp-json\/wp\/v2\/media\/8"}],"wp:attachment":[{"href":"https:\/\/medeo-formation.fr\/wp-json\/wp\/v2\/media?parent=987511930"}],"curies":[{"name":"wp","href":"https:\/\/api.w.org\/{rel}","templated":true}]}}